{"id":228,"date":"2010-09-10T18:04:58","date_gmt":"2010-09-10T21:04:58","guid":{"rendered":"http:\/\/graphein.tempsite.ws\/novosite\/?page_id=228"},"modified":"2014-07-16T14:47:47","modified_gmt":"2014-07-16T14:47:47","slug":"mais-depoimentos","status":"publish","type":"page","link":"https:\/\/www.graphein.com.br\/?page_id=228","title":{"rendered":"Mais depoimentos"},"content":{"rendered":"<p>O Col\u00e9gio Graphein \u00e9 uma escola que tem como proposta de trabalho o respeito \u00e0s caracter\u00edsticas de cada indiv\u00edduo, desenvolvendo um modelo de educa\u00e7\u00e3o que atende \u00e0s necessidades de <b>todos<\/b> os educandos. Nosso principal objetivo \u00e9 acolher o aluno e despertar nele uma rela\u00e7\u00e3o positiva com a institui\u00e7\u00e3o escolar e o aprendizado.<\/p>\n<p>Este \u00e9 o grande desafio: garantir que crian\u00e7as e adolescentes que apresentam necessidades espec\u00edficas de aprendizagem tenham sua demanda atendida. \u00c9 preciso acolher o estudante com suas caracter\u00edsticas pr\u00f3prias e ajuda-lo a construir uma nova rela\u00e7\u00e3o com a institui\u00e7\u00e3o escolar e, em \u00faltima an\u00e1lise, desenvolver a cren\u00e7a na pr\u00f3pria habilidade de aprender.<\/p>\n<p>Ao longo de nossa trajet\u00f3ria como educadores no Col\u00e9gio Graphein, pudemos constatar que, para termos \u00eaxito \u00e9 necess\u00e1ria uma disponibilidade do educador para conhecer e reconhecer cada aluno e atuar atendendo suas necessidades espec\u00edficas.<\/p>\n<p>Estas ideias se aplicam n\u00e3o apenas \u00e0s crian\u00e7as com algum transtorno definido, uma dificuldade detectada, mas tamb\u00e9m \u00e0s crian\u00e7as e adolescentes que, mesmo sem nenhum comprometimento aparente, n\u00e3o apresentam bom desempenho acad\u00eamico.<\/p>\n<p>Queremos compartilhar a experi\u00eancia do trabalho com o aluno Thiago Ignatti Borges, que come\u00e7ou a estudar conosco em 2014. \u00c9 um jovem como muitos outros, que gosta de futebol, \u00e9 alegre, participativo e que tem muito a desenvolver. Por\u00e9m, para que suas boas habilidades possam se desenvolver, ele tem a necessidade de uma adapta\u00e7\u00e3o em seu processo escolar e foi neste contexto que iniciamos nossa estimula\u00e7\u00e3o.<\/p>\n<p>O est\u00edmulo de aspectos f\u00edsicos e emocionais \u00e9 nosso principal objetivo com Thiago. Ele participa de atividades variadas que o estimulam e envolvem para que, a cada dia, possa caminhar mais em dire\u00e7\u00e3o ao seu pleno desenvolvimento.<\/p>\n<p>Em seu planejamento os educadores preocuparam-se em contemplar seus centros de interesses, al\u00e9m de atender \u00e0s de suas necessidades espec\u00edficas. Ou seja, foi preciso pensar nos temas que motivam o Thiago a aprender al\u00e9m de oferecer a ele os instrumentos para lidar com a defici\u00eancia visual.<\/p>\n<p>Seu Projeto Pedag\u00f3gico Individual, que chamamos de Projeto Singular, contempla atividades que propiciam o trabalho com os aspectos que v\u00e3o al\u00e9m do conhecimento acad\u00eamico formal para um jovem de sua idade. Entre nossas principais frentes de trabalho:<\/p>\n<ul>\n<li>Promover o desenvolvimento da orienta\u00e7\u00e3o espacial.<\/li>\n<li>Estimular o desenvolvimento de habilidades diversas, linguagens diversas como m\u00fasica, artes c\u00eanicas, artes pl\u00e1sticas, inform\u00e1tica e outras.<\/li>\n<li>Estimular o uso da escrita em Braille e do m\u00e9todo Soroban como instrumentos pedag\u00f3gicos.<\/li>\n<li>Promover e mediar atividades cotidianas para que se relacione satisfatoriamente com seus pares e construa um repert\u00f3rio social compat\u00edvel com sua faixa et\u00e1ria.<\/li>\n<\/ul>\n<p>&nbsp;<\/p>\n<p>Em nossa experi\u00eancia exitosa no trabalho com inclus\u00e3o escolar, constatamos que estudantes com \u201cdificuldades de aprendizagem\u201d necessitam ser olhados, ter suas caracter\u00edsticas identificadas, devem ser conhecidos para que se possa atuar com cada um de maneira adequada. Portanto, o melhor rem\u00e9dio para o dilema da inclus\u00e3o \u00e9 o trabalho singularizado com cada um.<\/p>\n<p><i>\u00a0<\/i><\/p>\n<p><a href=\"http:\/\/www.graphein.com.br\/wp-content\/uploads\/2014\/07\/P3280159.jpg\"><img loading=\"lazy\" class=\"alignleft size-thumbnail wp-image-5307\" alt=\"OLYMPUS DIGITAL CAMERA\" src=\"http:\/\/www.graphein.com.br\/wp-content\/uploads\/2014\/07\/P3280159-150x150.jpg\" width=\"150\" height=\"150\" \/><\/a> <a href=\"http:\/\/www.graphein.com.br\/wp-content\/uploads\/2014\/07\/P3270128.jpg\"><img loading=\"lazy\" class=\"alignleft size-thumbnail wp-image-5306\" alt=\"OLYMPUS DIGITAL CAMERA\" src=\"http:\/\/www.graphein.com.br\/wp-content\/uploads\/2014\/07\/P3270128-150x150.jpg\" width=\"150\" height=\"150\" \/><\/a> <a href=\"http:\/\/www.graphein.com.br\/wp-content\/uploads\/2014\/07\/P3270127.jpg\"><img loading=\"lazy\" class=\"alignleft size-thumbnail wp-image-5305\" alt=\"OLYMPUS DIGITAL CAMERA\" src=\"http:\/\/www.graphein.com.br\/wp-content\/uploads\/2014\/07\/P3270127-150x150.jpg\" width=\"150\" height=\"150\" \/><\/a> <a href=\"http:\/\/www.graphein.com.br\/wp-content\/uploads\/2014\/07\/CIMG3205.jpg\"><img loading=\"lazy\" class=\"alignleft size-thumbnail wp-image-5304\" alt=\"CIMG3205\" src=\"http:\/\/www.graphein.com.br\/wp-content\/uploads\/2014\/07\/CIMG3205-150x150.jpg\" width=\"150\" height=\"150\" \/><\/a> <a href=\"http:\/\/www.graphein.com.br\/wp-content\/uploads\/2014\/07\/CIMG3204.jpg\"><img loading=\"lazy\" class=\"alignleft size-thumbnail wp-image-5303\" alt=\"CIMG3204\" src=\"http:\/\/www.graphein.com.br\/wp-content\/uploads\/2014\/07\/CIMG3204-150x150.jpg\" width=\"150\" height=\"150\" \/><\/a> <a href=\"http:\/\/www.graphein.com.br\/wp-content\/uploads\/2014\/07\/CIMG3202.jpg\"><img loading=\"lazy\" class=\"alignleft size-thumbnail wp-image-5302\" alt=\"CIMG3202\" src=\"http:\/\/www.graphein.com.br\/wp-content\/uploads\/2014\/07\/CIMG3202-150x150.jpg\" width=\"150\" height=\"150\" \/><\/a> <a href=\"http:\/\/www.graphein.com.br\/wp-content\/uploads\/2014\/07\/CIMG3198.jpg\"><img loading=\"lazy\" class=\"alignleft size-thumbnail wp-image-5301\" alt=\"CIMG3198\" src=\"http:\/\/www.graphein.com.br\/wp-content\/uploads\/2014\/07\/CIMG3198-150x150.jpg\" width=\"150\" height=\"150\" \/><\/a> <a href=\"http:\/\/www.graphein.com.br\/wp-content\/uploads\/2014\/07\/CIMG3195.jpg\"><img loading=\"lazy\" class=\"alignleft size-thumbnail wp-image-5300\" alt=\"CIMG3195\" src=\"http:\/\/www.graphein.com.br\/wp-content\/uploads\/2014\/07\/CIMG3195-150x150.jpg\" width=\"150\" height=\"150\" \/><\/a> <a href=\"http:\/\/www.graphein.com.br\/wp-content\/uploads\/2014\/07\/CIMG3179.jpg\"><img loading=\"lazy\" class=\"alignleft size-thumbnail wp-image-5299\" alt=\"CIMG3179\" src=\"http:\/\/www.graphein.com.br\/wp-content\/uploads\/2014\/07\/CIMG3179-150x150.jpg\" width=\"150\" height=\"150\" \/><\/a> <a href=\"http:\/\/www.graphein.com.br\/wp-content\/uploads\/2014\/07\/CIMG3177.jpg\"><img loading=\"lazy\" class=\"alignleft size-thumbnail wp-image-5298\" alt=\"CIMG3177\" src=\"http:\/\/www.graphein.com.br\/wp-content\/uploads\/2014\/07\/CIMG3177-150x150.jpg\" width=\"150\" height=\"150\" \/><\/a> <a href=\"http:\/\/www.graphein.com.br\/wp-content\/uploads\/2014\/07\/CIMG3172.jpg\"><img loading=\"lazy\" class=\"alignleft size-thumbnail wp-image-5297\" alt=\"CIMG3172\" src=\"http:\/\/www.graphein.com.br\/wp-content\/uploads\/2014\/07\/CIMG3172-150x150.jpg\" width=\"150\" height=\"150\" \/><\/a><\/p>\n<p>&nbsp;<\/p>\n<p>&nbsp;<\/p>\n<p>&nbsp;<\/p>\n<p>&nbsp;<\/p>\n<p>&nbsp;<\/p>\n<p>&nbsp;<\/p>\n<p>&nbsp;<\/p>\n<p>&nbsp;<\/p>\n<p>&nbsp;<\/p>\n<p>&nbsp;<\/p>\n<p>&nbsp;<\/p>\n<p>&nbsp;<\/p>\n<p><i>\u201c<\/i><i>(&#8230;) normalizar uma pessoa n\u00e3o significa torna-la normal. Significa dar a ela o direito de ser diferente e ter suas necessidades reconhecidas e atendidas pela sociedade.\u201d Claudia Werneck<\/i><\/p>\n<p><a href=\"http:\/\/www.graphein.com.br\/wp-content\/uploads\/2014\/07\/separacao_depoimento.png\"><img loading=\"lazy\" class=\"alignleft size-full wp-image-5293\" alt=\"separacao_depoimento\" src=\"http:\/\/www.graphein.com.br\/wp-content\/uploads\/2014\/07\/separacao_depoimento.png\" width=\"619\" height=\"37\" srcset=\"https:\/\/www.graphein.com.br\/wp-content\/uploads\/2014\/07\/separacao_depoimento.png 619w, https:\/\/www.graphein.com.br\/wp-content\/uploads\/2014\/07\/separacao_depoimento-300x17.png 300w\" sizes=\"(max-width: 619px) 100vw, 619px\" \/><\/a><\/p>\n<p>&nbsp;<\/p>\n<p>&nbsp;<\/p>\n<p>&nbsp;<\/p>\n<p>&nbsp;<\/p>\n<p>&#8220;Desde que meu filho Ricardo come\u00e7ou a frequentar o Graphein, pude perceber o quanto o col\u00e9gio trata o ser humano, e n\u00e3o mais um aluno,\u00a0 como muitos col\u00e9gios encaram, mais uma fonte de receita financeira.<\/p>\n<p>Existem pessoas que classificam meu filho como &#8216;especial&#8217;, mas aproveitando todo o contexto dessa palavra, para dizer que voces tambem s\u00e3o &#8216;especiais&#8217;<\/p>\n<p>Pude perceber, que s\u00e3o profissionais que &#8216;adoram&#8217; o que fazem, tem prazer em ajudar ao proximo, e comemoram conosco as vitorias e &#8216;compartilham&#8217; inclusive os problemas.<\/p>\n<p>Estou muito satisfeito com o Graphein, e agrade\u00e7o de cora\u00e7\u00e3o, todo esse trabalho grandioso, pois tenho certeza, que n\u00f3s todos estamos evoluindo como pessoas, como seres humanos.<\/p>\n<p>MEUS PARAB\u00c9NS!<\/p>\n<p>MUITO OBRIGADO!&#8221;.<\/p>\n<p>Pai de aluno<\/p>\n<p><img alt=\"\" src=\"wp-content\/themes\/sistma_GRAPHEN\/images\/separacao_depoimento.png\" \/><\/p>\n<p>\u201cAprendi aqui a aguentar ser aluno, porque esta \u00e9 a escola que me aguentou\u201d.<\/p>\n<p>(Administrador de Empresas)<br \/>\n<img alt=\"\" src=\"wp-content\/themes\/sistma_GRAPHEN\/images\/separacao_depoimento.png\" \/><\/p>\n<p>\u201cFoi no Graphein que pude levantar a cabe\u00e7a e seguir em frente, depois de quase desistir de estudar!\u201d<\/p>\n<p>(Engenheiro)<br \/>\n<img alt=\"\" src=\"wp-content\/themes\/sistma_GRAPHEN\/images\/separacao_depoimento.png\" \/><\/p>\n<p>\u201cO Graphein \u00e9 mesmo uma escola especial! Especial em muitos sentidos, principalmente porque d\u00e1 ajuda para o aluno que est\u00e1 com problemas!\u201d<\/p>\n<p>(Engenheiro)<br \/>\n<img alt=\"\" src=\"wp-content\/themes\/sistma_GRAPHEN\/images\/separacao_depoimento.png\" \/><\/p>\n<p>\u201cEssa escola \u00e9 a melhor do mundo onde todo mundo gosta dos amigos como eles s\u00e3o\u201d.<\/p>\n<p>(Designer Gr\u00e1fico)<br \/>\n<img alt=\"\" src=\"wp-content\/themes\/sistma_GRAPHEN\/images\/separacao_depoimento.png\" \/><\/p>\n<p>\u201cNo Graphein deixei de ter medo de n\u00e3o conseguir aprender, tentei e consegui!\u201d<\/p>\n<p>(Veterin\u00e1rio)<br \/>\n<img alt=\"\" src=\"wp-content\/themes\/sistma_GRAPHEN\/images\/separacao_depoimento.png\" \/><\/p>\n<p>\u201cAqui, dentro destas paredes, dentro de cada uma destas salas, eu me vi como ser humano, com meus defeitos, mas sobretudo, com minhas qualidades, com minhas tristezas e principalmente com minhas alegrias. E ainda assim, n\u00e3o consigo dizer tudo sobre o bem que esta\u00a0escola me fez!&#8221;.<\/p>\n<p>(Administrador de Empresas)<br \/>\n<img alt=\"\" src=\"wp-content\/themes\/sistma_GRAPHEN\/images\/separacao_depoimento.png\" \/><\/p>\n<p>\u201cDentro dos port\u00f5es desta escola aprendi mais do que ler livros ou tirar boas notas. Aprendi a olhar o mundo com outros olhos, um olhar que n\u00e3o termina \u201cde ver\u201d, ele continua querendo mais.\u201d.<\/p>\n<p>(Advogado)<br \/>\n<img alt=\"\" src=\"wp-content\/themes\/sistma_GRAPHEN\/images\/separacao_depoimento.png\" \/><\/p>\n<p>\u201cAprendi no Graphein que o fracasso \u00e9 apenas a oportunidade de come\u00e7ar de novo, desta vez de forma mais organizada.\u201d<\/p>\n<p>(Pastor Evang\u00e9lico)<\/p>\n<iframe src=\"http:\/\/www.facebook.com\/plugins\/like.php?href=https%3A%2F%2Fwww.graphein.com.br%2F%3Fpage_id%3D228&amp;layout=standard&amp;show_faces=true&amp;width=450&amp;action=like&amp;colorscheme=light\" scrolling=\"no\" frameborder=\"0\" allowTransparency=\"true\" style=\"border:none; overflow:hidden; width:450px;margin-top:5px;\"><\/iframe>","protected":false},"excerpt":{"rendered":"<p>O Col\u00e9gio Graphein \u00e9 uma escola que tem como proposta de trabalho o respeito \u00e0s caracter\u00edsticas de cada indiv\u00edduo, desenvolvendo um modelo de educa\u00e7\u00e3o que atende \u00e0s necessidades de todos os educandos. Nosso principal objetivo \u00e9 acolher o aluno e despertar nele uma rela\u00e7\u00e3o positiva com a institui\u00e7\u00e3o escolar e o aprendizado. Este \u00e9 o [&hellip;]<\/p>\n","protected":false},"author":1,"featured_media":0,"parent":0,"menu_order":0,"comment_status":"open","ping_status":"open","template":"","meta":[],"_links":{"self":[{"href":"https:\/\/www.graphein.com.br\/index.php?rest_route=\/wp\/v2\/pages\/228"}],"collection":[{"href":"https:\/\/www.graphein.com.br\/index.php?rest_route=\/wp\/v2\/pages"}],"about":[{"href":"https:\/\/www.graphein.com.br\/index.php?rest_route=\/wp\/v2\/types\/page"}],"author":[{"embeddable":true,"href":"https:\/\/www.graphein.com.br\/index.php?rest_route=\/wp\/v2\/users\/1"}],"replies":[{"embeddable":true,"href":"https:\/\/www.graphein.com.br\/index.php?rest_route=%2Fwp%2Fv2%2Fcomments&post=228"}],"version-history":[{"count":6,"href":"https:\/\/www.graphein.com.br\/index.php?rest_route=\/wp\/v2\/pages\/228\/revisions"}],"predecessor-version":[{"id":5312,"href":"https:\/\/www.graphein.com.br\/index.php?rest_route=\/wp\/v2\/pages\/228\/revisions\/5312"}],"wp:attachment":[{"href":"https:\/\/www.graphein.com.br\/index.php?rest_route=%2Fwp%2Fv2%2Fmedia&parent=228"}],"curies":[{"name":"wp","href":"https:\/\/api.w.org\/{rel}","templated":true}]}}